{"id":3127,"date":"2019-05-24T15:40:51","date_gmt":"2019-05-24T15:40:51","guid":{"rendered":"https:\/\/micielo.es\/3109-2\/mi-cielo-dulce\/"},"modified":"2019-05-24T15:40:51","modified_gmt":"2019-05-24T15:40:51","slug":"mi-cielo-dulce","status":"publish","type":"page","link":"https:\/\/micielo.es\/es\/3109-2\/mi-cielo-dulce\/","title":{"rendered":"mi cielo dulce"},"content":{"rendered":"<h3 style=\"text-align:center;\"><span style=\"color:#800080;\"><em>Nuestras ricas tartas y limonadas&#8230; hecho en casa, de recetas secretos de nuestras bisabuelas austriacas \ud83d\ude42<\/em><\/span><\/h3>\n<h2 style=\"text-align:center;\"><span style=\"color:#993366;\"><em><strong>Tartas de ingredientes naturales y sanas<\/strong><\/em><\/span><\/h2>\n<div class=\"tiled-gallery type-circle tiled-gallery-unresized\" data-original-width=\"700\" data-carousel-extra='{&quot;blog_id&quot;:1,&quot;permalink&quot;:&quot;https:\\\/\\\/micielo.es\\\/es\\\/3109-2\\\/mi-cielo-dulce\\\/&quot;,&quot;likes_blog_id&quot;:124096146}' itemscope itemtype=\"http:\/\/schema.org\/ImageGallery\" > <div class=\"gallery-row\" style=\"width: 700px; height: 700px;\" data-original-width=\"700\" data-original-height=\"700\" > <div class=\"gallery-group\" style=\"width: 700px; height: 700px;\" data-original-width=\"700\" data-original-height=\"700\" > <div class=\"tiled-gallery-item \" itemprop=\"associatedMedia\" itemscope itemtype=\"http:\/\/schema.org\/ImageObject\"> <a href=\"https:\/\/micielo.es\/es\/casa-calendula-buchen\/whatsapp-image-2019-05-16-at-13-19-56-2-2-2\/\" border=\"0\" itemprop=\"url\"> <meta itemprop=\"width\" content=\"696\"> <meta itemprop=\"height\" content=\"696\"> <img decoding=\"async\" class=\"\" data-attachment-id=\"2757\" data-orig-file=\"https:\/\/micielo.es\/wp-content\/uploads\/2019\/06\/95a50-whatsapp-image-2019-05-16-at-13.19.56-1.jpeg\" data-orig-size=\"968,1296\" data-comments-opened=\"1\" data-image-meta=\"{&quot;aperture&quot;:&quot;0&quot;,&quot;credit&quot;:&quot;&quot;,&quot;camera&quot;:&quot;&quot;,&quot;caption&quot;:&quot;&quot;,&quot;created_timestamp&quot;:&quot;0&quot;,&quot;copyright&quot;:&quot;&quot;,&quot;focal_length&quot;:&quot;0&quot;,&quot;iso&quot;:&quot;0&quot;,&quot;shutter_speed&quot;:&quot;0&quot;,&quot;title&quot;:&quot;&quot;,&quot;orientation&quot;:&quot;0&quot;}\" data-image-title=\"WhatsApp Image 2019-05-16 at 13.19.56\" data-image-description=\"\" data-medium-file=\"https:\/\/i0.wp.com\/micielo.es\/wp-content\/uploads\/2019\/06\/95a50-whatsapp-image-2019-05-16-at-13.19.56-1.jpeg?fit=224%2C300&#038;ssl=1\" data-large-file=\"https:\/\/i0.wp.com\/micielo.es\/wp-content\/uploads\/2019\/06\/95a50-whatsapp-image-2019-05-16-at-13.19.56-1.jpeg?fit=700%2C937&#038;ssl=1\" src=\"https:\/\/i0.wp.com\/micielo.es\/wp-content\/uploads\/2019\/06\/95a50-whatsapp-image-2019-05-16-at-13.19.56-1.jpeg?w=696&#038;h=696&#038;crop=1&#038;ssl=1\" srcset=\"https:\/\/i0.wp.com\/micielo.es\/wp-content\/uploads\/2019\/06\/95a50-whatsapp-image-2019-05-16-at-13.19.56-1.jpeg?resize=150%2C150&amp;ssl=1 150w, https:\/\/i0.wp.com\/micielo.es\/wp-content\/uploads\/2019\/06\/95a50-whatsapp-image-2019-05-16-at-13.19.56-1.jpeg?resize=800%2C800&amp;ssl=1 800w, https:\/\/i0.wp.com\/micielo.es\/wp-content\/uploads\/2019\/06\/95a50-whatsapp-image-2019-05-16-at-13.19.56-1.jpeg?resize=400%2C400&amp;ssl=1 400w, https:\/\/i0.wp.com\/micielo.es\/wp-content\/uploads\/2019\/06\/95a50-whatsapp-image-2019-05-16-at-13.19.56-1.jpeg?resize=200%2C200&amp;ssl=1 200w\" width=\"696\" height=\"696\" loading=\"lazy\" data-original-width=\"696\" data-original-height=\"696\" itemprop=\"http:\/\/schema.org\/image\" title=\"WhatsApp Image 2019-05-16 at 13.19.56\" alt=\"WhatsApp Image 2019-05-16 at 13.19.56\" style=\"width: 696px; height: 696px;\" \/> <\/a> <\/div> <\/div> <\/div> <div class=\"gallery-row\" style=\"width: 700px; height: 233px;\" data-original-width=\"700\" data-original-height=\"233\" > <div class=\"gallery-group\" style=\"width: 233px; height: 233px;\" data-original-width=\"233\" data-original-height=\"233\" > <div class=\"tiled-gallery-item \" itemprop=\"associatedMedia\" itemscope itemtype=\"http:\/\/schema.org\/ImageObject\"> <a href=\"https:\/\/micielo.es\/es\/casa-calendula-buchen\/whatsapp-image-2019-05-16-at-13-25-29-2-3\/\" border=\"0\" itemprop=\"url\"> <meta itemprop=\"width\" content=\"229\"> <meta itemprop=\"height\" content=\"229\"> <img decoding=\"async\" class=\"\" data-attachment-id=\"2755\" data-orig-file=\"https:\/\/micielo.es\/wp-content\/uploads\/2019\/06\/f96f0-whatsapp-image-2019-05-16-at-13.25.29-1.jpeg\" data-orig-size=\"1600,900\" data-comments-opened=\"1\" data-image-meta=\"{&quot;aperture&quot;:&quot;0&quot;,&quot;credit&quot;:&quot;&quot;,&quot;camera&quot;:&quot;&quot;,&quot;caption&quot;:&quot;&quot;,&quot;created_timestamp&quot;:&quot;0&quot;,&quot;copyright&quot;:&quot;&quot;,&quot;focal_length&quot;:&quot;0&quot;,&quot;iso&quot;:&quot;0&quot;,&quot;shutter_speed&quot;:&quot;0&quot;,&quot;title&quot;:&quot;&quot;,&quot;orientation&quot;:&quot;0&quot;}\" data-image-title=\"WhatsApp Image 2019-05-16 at 13.25.29\" data-image-description=\"\" data-medium-file=\"https:\/\/i0.wp.com\/micielo.es\/wp-content\/uploads\/2019\/06\/f96f0-whatsapp-image-2019-05-16-at-13.25.29-1.jpeg?fit=300%2C169&#038;ssl=1\" data-large-file=\"https:\/\/i0.wp.com\/micielo.es\/wp-content\/uploads\/2019\/06\/f96f0-whatsapp-image-2019-05-16-at-13.25.29-1.jpeg?fit=700%2C394&#038;ssl=1\" src=\"https:\/\/i0.wp.com\/micielo.es\/wp-content\/uploads\/2019\/06\/f96f0-whatsapp-image-2019-05-16-at-13.25.29-1.jpeg?w=229&#038;h=229&#038;crop=1&#038;ssl=1\" srcset=\"https:\/\/i0.wp.com\/micielo.es\/wp-content\/uploads\/2019\/06\/f96f0-whatsapp-image-2019-05-16-at-13.25.29-1.jpeg?resize=150%2C150&amp;ssl=1 150w, https:\/\/i0.wp.com\/micielo.es\/wp-content\/uploads\/2019\/06\/f96f0-whatsapp-image-2019-05-16-at-13.25.29-1.jpeg?resize=900%2C900&amp;ssl=1 900w, https:\/\/i0.wp.com\/micielo.es\/wp-content\/uploads\/2019\/06\/f96f0-whatsapp-image-2019-05-16-at-13.25.29-1.jpeg?resize=800%2C800&amp;ssl=1 800w, https:\/\/i0.wp.com\/micielo.es\/wp-content\/uploads\/2019\/06\/f96f0-whatsapp-image-2019-05-16-at-13.25.29-1.jpeg?resize=400%2C400&amp;ssl=1 400w, https:\/\/i0.wp.com\/micielo.es\/wp-content\/uploads\/2019\/06\/f96f0-whatsapp-image-2019-05-16-at-13.25.29-1.jpeg?resize=200%2C200&amp;ssl=1 200w, https:\/\/i0.wp.com\/micielo.es\/wp-content\/uploads\/2019\/06\/f96f0-whatsapp-image-2019-05-16-at-13.25.29-1.jpeg?zoom=2&amp;resize=229%2C229&amp;ssl=1 458w, https:\/\/i0.wp.com\/micielo.es\/wp-content\/uploads\/2019\/06\/f96f0-whatsapp-image-2019-05-16-at-13.25.29-1.jpeg?zoom=3&amp;resize=229%2C229&amp;ssl=1 687w\" width=\"229\" height=\"229\" loading=\"lazy\" data-original-width=\"229\" data-original-height=\"229\" itemprop=\"http:\/\/schema.org\/image\" title=\"WhatsApp Image 2019-05-16 at 13.25.29\" alt=\"WhatsApp Image 2019-05-16 at 13.25.29\" style=\"width: 229px; height: 229px;\" \/> <\/a> <\/div> <\/div> <div class=\"gallery-group\" style=\"width: 233px; height: 233px;\" data-original-width=\"233\" data-original-height=\"233\" > <div class=\"tiled-gallery-item \" itemprop=\"associatedMedia\" itemscope itemtype=\"http:\/\/schema.org\/ImageObject\"> <a href=\"https:\/\/micielo.es\/es\/casa-calendula-buchen\/whatsapp-image-2019-05-16-at-13-21-00-2-2\/\" border=\"0\" itemprop=\"url\"> <meta itemprop=\"width\" content=\"229\"> <meta itemprop=\"height\" content=\"229\"> <img decoding=\"async\" class=\"\" data-attachment-id=\"2754\" data-orig-file=\"https:\/\/micielo.es\/wp-content\/uploads\/2019\/06\/f8a14-whatsapp-image-2019-05-16-at-13.21.00-1-e1561232058348.jpeg\" data-orig-size=\"968,1046\" data-comments-opened=\"1\" data-image-meta=\"{&quot;aperture&quot;:&quot;0&quot;,&quot;credit&quot;:&quot;&quot;,&quot;camera&quot;:&quot;&quot;,&quot;caption&quot;:&quot;&quot;,&quot;created_timestamp&quot;:&quot;0&quot;,&quot;copyright&quot;:&quot;&quot;,&quot;focal_length&quot;:&quot;0&quot;,&quot;iso&quot;:&quot;0&quot;,&quot;shutter_speed&quot;:&quot;0&quot;,&quot;title&quot;:&quot;&quot;,&quot;orientation&quot;:&quot;0&quot;}\" data-image-title=\"WhatsApp Image 2019-05-16 at 13.21.00\" data-image-description=\"\" data-medium-file=\"https:\/\/i0.wp.com\/micielo.es\/wp-content\/uploads\/2019\/06\/f8a14-whatsapp-image-2019-05-16-at-13.21.00-1-e1561232058348.jpeg?fit=278%2C300&#038;ssl=1\" data-large-file=\"https:\/\/i0.wp.com\/micielo.es\/wp-content\/uploads\/2019\/06\/f8a14-whatsapp-image-2019-05-16-at-13.21.00-1-e1561232058348.jpeg?fit=700%2C756&#038;ssl=1\" src=\"https:\/\/i0.wp.com\/micielo.es\/wp-content\/uploads\/2019\/06\/f8a14-whatsapp-image-2019-05-16-at-13.21.00-1-e1561232058348.jpeg?w=229&#038;h=229&#038;crop=1&#038;ssl=1\" srcset=\"https:\/\/i0.wp.com\/micielo.es\/wp-content\/uploads\/2019\/06\/f8a14-whatsapp-image-2019-05-16-at-13.21.00-1-e1561232058348.jpeg?resize=150%2C150&amp;ssl=1 150w, https:\/\/i0.wp.com\/micielo.es\/wp-content\/uploads\/2019\/06\/f8a14-whatsapp-image-2019-05-16-at-13.21.00-1-e1561232058348.jpeg?resize=800%2C800&amp;ssl=1 800w, https:\/\/i0.wp.com\/micielo.es\/wp-content\/uploads\/2019\/06\/f8a14-whatsapp-image-2019-05-16-at-13.21.00-1-e1561232058348.jpeg?resize=400%2C400&amp;ssl=1 400w, https:\/\/i0.wp.com\/micielo.es\/wp-content\/uploads\/2019\/06\/f8a14-whatsapp-image-2019-05-16-at-13.21.00-1-e1561232058348.jpeg?resize=200%2C200&amp;ssl=1 200w, https:\/\/i0.wp.com\/micielo.es\/wp-content\/uploads\/2019\/06\/f8a14-whatsapp-image-2019-05-16-at-13.21.00-1-e1561232058348.jpeg?zoom=2&amp;resize=229%2C229&amp;ssl=1 458w, https:\/\/i0.wp.com\/micielo.es\/wp-content\/uploads\/2019\/06\/f8a14-whatsapp-image-2019-05-16-at-13.21.00-1-e1561232058348.jpeg?zoom=3&amp;resize=229%2C229&amp;ssl=1 687w\" width=\"229\" height=\"229\" loading=\"lazy\" data-original-width=\"229\" data-original-height=\"229\" itemprop=\"http:\/\/schema.org\/image\" title=\"WhatsApp Image 2019-05-16 at 13.21.00\" alt=\"WhatsApp Image 2019-05-16 at 13.21.00\" style=\"width: 229px; height: 229px;\" \/> <\/a> <\/div> <\/div> <div class=\"gallery-group\" style=\"width: 233px; height: 233px;\" data-original-width=\"233\" data-original-height=\"233\" > <div class=\"tiled-gallery-item \" itemprop=\"associatedMedia\" itemscope itemtype=\"http:\/\/schema.org\/ImageObject\"> <a href=\"https:\/\/micielo.es\/es\/casa-calendula-buchen\/whatsapp-image-2019-05-16-at-13-20-26-2-2-2\/\" border=\"0\" itemprop=\"url\"> <meta itemprop=\"width\" content=\"229\"> <meta itemprop=\"height\" content=\"229\"> <img decoding=\"async\" class=\"\" data-attachment-id=\"2756\" data-orig-file=\"https:\/\/micielo.es\/wp-content\/uploads\/2019\/06\/b2ed1-whatsapp-image-2019-05-16-at-13.20.26-1.jpeg\" data-orig-size=\"1600,1200\" data-comments-opened=\"1\" data-image-meta=\"{&quot;aperture&quot;:&quot;0&quot;,&quot;credit&quot;:&quot;&quot;,&quot;camera&quot;:&quot;&quot;,&quot;caption&quot;:&quot;&quot;,&quot;created_timestamp&quot;:&quot;0&quot;,&quot;copyright&quot;:&quot;&quot;,&quot;focal_length&quot;:&quot;0&quot;,&quot;iso&quot;:&quot;0&quot;,&quot;shutter_speed&quot;:&quot;0&quot;,&quot;title&quot;:&quot;&quot;,&quot;orientation&quot;:&quot;0&quot;}\" data-image-title=\"WhatsApp Image 2019-05-16 at 13.20.26\" data-image-description=\"\" data-medium-file=\"https:\/\/i0.wp.com\/micielo.es\/wp-content\/uploads\/2019\/06\/b2ed1-whatsapp-image-2019-05-16-at-13.20.26-1.jpeg?fit=300%2C225&#038;ssl=1\" data-large-file=\"https:\/\/i0.wp.com\/micielo.es\/wp-content\/uploads\/2019\/06\/b2ed1-whatsapp-image-2019-05-16-at-13.20.26-1.jpeg?fit=700%2C525&#038;ssl=1\" src=\"https:\/\/i0.wp.com\/micielo.es\/wp-content\/uploads\/2019\/06\/b2ed1-whatsapp-image-2019-05-16-at-13.20.26-1.jpeg?w=229&#038;h=229&#038;crop=1&#038;ssl=1\" srcset=\"https:\/\/i0.wp.com\/micielo.es\/wp-content\/uploads\/2019\/06\/b2ed1-whatsapp-image-2019-05-16-at-13.20.26-1.jpeg?resize=150%2C150&amp;ssl=1 150w, https:\/\/i0.wp.com\/micielo.es\/wp-content\/uploads\/2019\/06\/b2ed1-whatsapp-image-2019-05-16-at-13.20.26-1.jpeg?resize=1200%2C1200&amp;ssl=1 1200w, https:\/\/i0.wp.com\/micielo.es\/wp-content\/uploads\/2019\/06\/b2ed1-whatsapp-image-2019-05-16-at-13.20.26-1.jpeg?resize=800%2C800&amp;ssl=1 800w, https:\/\/i0.wp.com\/micielo.es\/wp-content\/uploads\/2019\/06\/b2ed1-whatsapp-image-2019-05-16-at-13.20.26-1.jpeg?resize=400%2C400&amp;ssl=1 400w, https:\/\/i0.wp.com\/micielo.es\/wp-content\/uploads\/2019\/06\/b2ed1-whatsapp-image-2019-05-16-at-13.20.26-1.jpeg?resize=200%2C200&amp;ssl=1 200w, https:\/\/i0.wp.com\/micielo.es\/wp-content\/uploads\/2019\/06\/b2ed1-whatsapp-image-2019-05-16-at-13.20.26-1.jpeg?zoom=2&amp;resize=229%2C229&amp;ssl=1 458w, https:\/\/i0.wp.com\/micielo.es\/wp-content\/uploads\/2019\/06\/b2ed1-whatsapp-image-2019-05-16-at-13.20.26-1.jpeg?zoom=3&amp;resize=229%2C229&amp;ssl=1 687w\" width=\"229\" height=\"229\" loading=\"lazy\" data-original-width=\"229\" data-original-height=\"229\" itemprop=\"http:\/\/schema.org\/image\" title=\"WhatsApp Image 2019-05-16 at 13.20.26\" alt=\"WhatsApp Image 2019-05-16 at 13.20.26\" style=\"width: 229px; height: 229px;\" \/> <\/a> <\/div> <\/div> <\/div> <\/div>\n<p><strong><span style=\"color:#000000;\"><em>pidenos tu tarta&#8230; de cumplea\u00f1os &#8211; para una fiesta &#8211; para cualquier evento te preparamos una tarta rica y especial. Si lo deseas; sin gluten, sin lacteo, sin az\u00facar, con harina de centeno&#8230; y en todos los casos con ingredientes frescos y naturales&#8230;<\/em><\/span><\/strong><\/p>\n<p>Horneamos varios pasteles y panes por encargo para diferentes ocasiones. Se utilizan principalmente productos ecol\u00f3gicos. En su caso, se decora con p\u00e9talos secos de mi Cielo y fruta fresca.<\/p>\n<figure id=\"attachment_923\" aria-describedby=\"caption-attachment-923\" style=\"width: 285px\" class=\"wp-caption aligncenter\"><img data-recalc-dims=\"1\" loading=\"lazy\" decoding=\"async\" class=\"aligncenter size-full wp-image-923\" src=\"https:\/\/i0.wp.com\/micielo.es\/wp-content\/uploads\/2019\/06\/01f67-img-20190516-wa0005-1-e1561228753924.jpg?resize=285%2C275&#038;ssl=1\" alt=\"img-20190516-wa0005-1.jpg\" width=\"285\" height=\"275\" srcset=\"https:\/\/i0.wp.com\/micielo.es\/wp-content\/uploads\/2019\/06\/01f67-img-20190516-wa0005-1-e1561228753924.jpg?w=1019&amp;ssl=1 1019w, https:\/\/i0.wp.com\/micielo.es\/wp-content\/uploads\/2019\/06\/01f67-img-20190516-wa0005-1-e1561228753924.jpg?resize=300%2C289&amp;ssl=1 300w, https:\/\/i0.wp.com\/micielo.es\/wp-content\/uploads\/2019\/06\/01f67-img-20190516-wa0005-1-e1561228753924.jpg?resize=768%2C741&amp;ssl=1 768w\" sizes=\"auto, (max-width: 285px) 100vw, 285px\" \/><figcaption id=\"caption-attachment-923\" class=\"wp-caption-text\"><strong>Tarta de zanahoria para Ruby, sin gluten \/<\/strong>&nbsp; <span style=\"color:#800080;\"><strong>Tarta de zanahoria<\/strong><\/span> sin gluten para Ruby&nbsp;&nbsp; <strong><span style=\"color:#800080;\">22\u20ac<\/span><\/strong><\/figcaption><\/figure>\n<figure id=\"attachment_922\" aria-describedby=\"caption-attachment-922\" style=\"width: 309px\" class=\"wp-caption aligncenter\"><img data-recalc-dims=\"1\" loading=\"lazy\" decoding=\"async\" class=\" wp-image-922 aligncenter\" src=\"https:\/\/i0.wp.com\/micielo.es\/wp-content\/uploads\/2019\/06\/17e7e-img-20190602-wa0000-1-e1561228848678.jpg?resize=309%2C258&#038;ssl=1\" alt=\"img-20190602-wa0000-1.jpg\" width=\"309\" height=\"258\" srcset=\"https:\/\/i0.wp.com\/micielo.es\/wp-content\/uploads\/2019\/06\/17e7e-img-20190602-wa0000-1-e1561228848678.jpg?w=1241&amp;ssl=1 1241w, https:\/\/i0.wp.com\/micielo.es\/wp-content\/uploads\/2019\/06\/17e7e-img-20190602-wa0000-1-e1561228848678.jpg?resize=300%2C250&amp;ssl=1 300w, https:\/\/i0.wp.com\/micielo.es\/wp-content\/uploads\/2019\/06\/17e7e-img-20190602-wa0000-1-e1561228848678.jpg?resize=1024%2C855&amp;ssl=1 1024w, https:\/\/i0.wp.com\/micielo.es\/wp-content\/uploads\/2019\/06\/17e7e-img-20190602-wa0000-1-e1561228848678.jpg?resize=768%2C641&amp;ssl=1 768w, https:\/\/i0.wp.com\/micielo.es\/wp-content\/uploads\/2019\/06\/17e7e-img-20190602-wa0000-1-e1561228848678.jpg?resize=1200%2C1002&amp;ssl=1 1200w\" sizes=\"auto, (max-width: 309px) 100vw, 309px\" \/><figcaption id=\"caption-attachment-922\" class=\"wp-caption-text\"><strong>Tarta de chocolate negra con frutos del bosque y crema de queso fresco<\/strong> <span style=\"color:#800080;\"><strong><span style=\"color:#800080;\">Pastel de chocolate<\/span> con<\/strong> <strong>glaseado<\/strong> de cuajada<\/span> y frutos rojos frescos peque\u00f1a:&nbsp; <span style=\"color:#800080;\"><strong>22\u20ac<\/strong> <span style=\"color:#000000;\">\/ grande (foto):<\/span> <strong>32\u20ac<\/strong><\/span><\/figcaption><\/figure>\n<figure id=\"attachment_934\" aria-describedby=\"caption-attachment-934\" style=\"width: 268px\" class=\"wp-caption aligncenter\"><img data-recalc-dims=\"1\" loading=\"lazy\" decoding=\"async\" class=\" wp-image-934 aligncenter\" src=\"https:\/\/i0.wp.com\/micielo.es\/wp-content\/uploads\/2019\/06\/95a50-whatsapp-image-2019-05-16-at-13.19.56-1.jpeg?resize=268%2C359&#038;ssl=1\" alt=\"WhatsApp Image 2019-05-16 at 13.19.56\" width=\"268\" height=\"359\" srcset=\"https:\/\/i0.wp.com\/micielo.es\/wp-content\/uploads\/2019\/06\/95a50-whatsapp-image-2019-05-16-at-13.19.56-1.jpeg?w=968&amp;ssl=1 968w, https:\/\/i0.wp.com\/micielo.es\/wp-content\/uploads\/2019\/06\/95a50-whatsapp-image-2019-05-16-at-13.19.56-1.jpeg?resize=224%2C300&amp;ssl=1 224w, https:\/\/i0.wp.com\/micielo.es\/wp-content\/uploads\/2019\/06\/95a50-whatsapp-image-2019-05-16-at-13.19.56-1.jpeg?resize=765%2C1024&amp;ssl=1 765w, https:\/\/i0.wp.com\/micielo.es\/wp-content\/uploads\/2019\/06\/95a50-whatsapp-image-2019-05-16-at-13.19.56-1.jpeg?resize=768%2C1028&amp;ssl=1 768w, https:\/\/i0.wp.com\/micielo.es\/wp-content\/uploads\/2019\/06\/95a50-whatsapp-image-2019-05-16-at-13.19.56-1.jpeg?resize=150%2C200&amp;ssl=1 150w\" sizes=\"auto, (max-width: 268px) 100vw, 268px\" \/><figcaption id=\"caption-attachment-934\" class=\"wp-caption-text\"><strong>Bizcocho de chocolate 70%<\/strong>&nbsp; <strong>con flores comestibles<\/strong> , pink, calendula, borraja, gerania, malva y muchas m\u00e1s&#8230; \/ <span style=\"color:#800080;\"><strong>Brownie<\/strong><\/span> , con chocolate negro 70% decorado con p\u00e9talos de flores <span style=\"color:#800080;\"><strong>25\u20ac<\/strong><\/span><\/figcaption><\/figure>\n<figure id=\"attachment_931\" aria-describedby=\"caption-attachment-931\" style=\"width: 266px\" class=\"wp-caption aligncenter\"><img data-recalc-dims=\"1\" loading=\"lazy\" decoding=\"async\" class=\" wp-image-931 aligncenter\" src=\"https:\/\/i0.wp.com\/micielo.es\/wp-content\/uploads\/2019\/06\/f8a14-whatsapp-image-2019-05-16-at-13.21.00-1-e1561232058348.jpeg?resize=266%2C288&#038;ssl=1\" alt=\"whatsapp-image-2019-05-16-at-13.21.00-1.jpeg\" width=\"266\" height=\"288\" srcset=\"https:\/\/i0.wp.com\/micielo.es\/wp-content\/uploads\/2019\/06\/f8a14-whatsapp-image-2019-05-16-at-13.21.00-1-e1561232058348.jpeg?w=968&amp;ssl=1 968w, https:\/\/i0.wp.com\/micielo.es\/wp-content\/uploads\/2019\/06\/f8a14-whatsapp-image-2019-05-16-at-13.21.00-1-e1561232058348.jpeg?resize=278%2C300&amp;ssl=1 278w, https:\/\/i0.wp.com\/micielo.es\/wp-content\/uploads\/2019\/06\/f8a14-whatsapp-image-2019-05-16-at-13.21.00-1-e1561232058348.jpeg?resize=948%2C1024&amp;ssl=1 948w, https:\/\/i0.wp.com\/micielo.es\/wp-content\/uploads\/2019\/06\/f8a14-whatsapp-image-2019-05-16-at-13.21.00-1-e1561232058348.jpeg?resize=768%2C830&amp;ssl=1 768w\" sizes=\"auto, (max-width: 266px) 100vw, 266px\" \/><figcaption id=\"caption-attachment-931\" class=\"wp-caption-text\"><strong>Tarta de zanahoria cubierta de crema de lim\u00f3n y flores comestibles<\/strong> , <strong>sin gluten<\/strong> \/ <span style=\"color:#800080;\"><strong>carrot<\/strong><\/span> cake , sin gluten, con glaseado de lim\u00f3n y flores <span style=\"color:#800080;\"><strong>22\u20ac<\/strong><\/span><\/figcaption><\/figure>\n<figure id=\"attachment_933\" aria-describedby=\"caption-attachment-933\" style=\"width: 306px\" class=\"wp-caption aligncenter\"><img data-recalc-dims=\"1\" loading=\"lazy\" decoding=\"async\" class=\" wp-image-933 aligncenter\" src=\"https:\/\/i0.wp.com\/micielo.es\/wp-content\/uploads\/2019\/06\/b2ed1-whatsapp-image-2019-05-16-at-13.20.26-1.jpeg?resize=306%2C229&#038;ssl=1\" alt=\"WhatsApp Image 2019-05-16 at 13.20.26\" width=\"306\" height=\"229\" srcset=\"https:\/\/i0.wp.com\/micielo.es\/wp-content\/uploads\/2019\/06\/b2ed1-whatsapp-image-2019-05-16-at-13.20.26-1.jpeg?w=1600&amp;ssl=1 1600w, https:\/\/i0.wp.com\/micielo.es\/wp-content\/uploads\/2019\/06\/b2ed1-whatsapp-image-2019-05-16-at-13.20.26-1.jpeg?resize=300%2C225&amp;ssl=1 300w, https:\/\/i0.wp.com\/micielo.es\/wp-content\/uploads\/2019\/06\/b2ed1-whatsapp-image-2019-05-16-at-13.20.26-1.jpeg?resize=1024%2C768&amp;ssl=1 1024w, https:\/\/i0.wp.com\/micielo.es\/wp-content\/uploads\/2019\/06\/b2ed1-whatsapp-image-2019-05-16-at-13.20.26-1.jpeg?resize=768%2C576&amp;ssl=1 768w, https:\/\/i0.wp.com\/micielo.es\/wp-content\/uploads\/2019\/06\/b2ed1-whatsapp-image-2019-05-16-at-13.20.26-1.jpeg?resize=1536%2C1152&amp;ssl=1 1536w, https:\/\/i0.wp.com\/micielo.es\/wp-content\/uploads\/2019\/06\/b2ed1-whatsapp-image-2019-05-16-at-13.20.26-1.jpeg?resize=1200%2C900&amp;ssl=1 1200w, https:\/\/i0.wp.com\/micielo.es\/wp-content\/uploads\/2019\/06\/b2ed1-whatsapp-image-2019-05-16-at-13.20.26-1.jpeg?resize=800%2C600&amp;ssl=1 800w, https:\/\/i0.wp.com\/micielo.es\/wp-content\/uploads\/2019\/06\/b2ed1-whatsapp-image-2019-05-16-at-13.20.26-1.jpeg?resize=400%2C300&amp;ssl=1 400w, https:\/\/i0.wp.com\/micielo.es\/wp-content\/uploads\/2019\/06\/b2ed1-whatsapp-image-2019-05-16-at-13.20.26-1.jpeg?resize=200%2C150&amp;ssl=1 200w, https:\/\/i0.wp.com\/micielo.es\/wp-content\/uploads\/2019\/06\/b2ed1-whatsapp-image-2019-05-16-at-13.20.26-1.jpeg?w=1400&amp;ssl=1 1400w\" sizes=\"auto, (max-width: 306px) 100vw, 306px\" \/><figcaption id=\"caption-attachment-933\" class=\"wp-caption-text\"><strong>Tarta de queso fresco y<\/strong> <strong>mojada de chocolate con frutos del bosque<\/strong> \/ <span style=\"color:#800080;\"><strong>bizcocho de chocolate<\/strong><\/span> con glaseado de cuajada y fruta fresca <strong><span style=\"color:#800080;\">22\u20ac<\/span><\/strong>&nbsp;<\/figcaption><\/figure>\n<figure id=\"attachment_1218\" aria-describedby=\"caption-attachment-1218\" style=\"width: 271px\" class=\"wp-caption aligncenter\"><img data-recalc-dims=\"1\" loading=\"lazy\" decoding=\"async\" class=\"alignnone wp-image-1218\" src=\"https:\/\/i0.wp.com\/micielo.es\/wp-content\/uploads\/2019\/12\/69247-kirsch-nusskuchen.jpg?resize=271%2C203&#038;ssl=1\" alt=\"Kirsch-nusskuchen\" width=\"271\" height=\"203\" srcset=\"https:\/\/i0.wp.com\/micielo.es\/wp-content\/uploads\/2019\/12\/69247-kirsch-nusskuchen.jpg?w=4160&amp;ssl=1 4160w, https:\/\/i0.wp.com\/micielo.es\/wp-content\/uploads\/2019\/12\/69247-kirsch-nusskuchen.jpg?resize=300%2C225&amp;ssl=1 300w, https:\/\/i0.wp.com\/micielo.es\/wp-content\/uploads\/2019\/12\/69247-kirsch-nusskuchen.jpg?resize=1024%2C768&amp;ssl=1 1024w, https:\/\/i0.wp.com\/micielo.es\/wp-content\/uploads\/2019\/12\/69247-kirsch-nusskuchen.jpg?resize=768%2C576&amp;ssl=1 768w, https:\/\/i0.wp.com\/micielo.es\/wp-content\/uploads\/2019\/12\/69247-kirsch-nusskuchen.jpg?resize=1536%2C1152&amp;ssl=1 1536w, https:\/\/i0.wp.com\/micielo.es\/wp-content\/uploads\/2019\/12\/69247-kirsch-nusskuchen.jpg?resize=2048%2C1536&amp;ssl=1 2048w, https:\/\/i0.wp.com\/micielo.es\/wp-content\/uploads\/2019\/12\/69247-kirsch-nusskuchen.jpg?resize=1200%2C900&amp;ssl=1 1200w, https:\/\/i0.wp.com\/micielo.es\/wp-content\/uploads\/2019\/12\/69247-kirsch-nusskuchen.jpg?resize=800%2C600&amp;ssl=1 800w, https:\/\/i0.wp.com\/micielo.es\/wp-content\/uploads\/2019\/12\/69247-kirsch-nusskuchen.jpg?resize=400%2C300&amp;ssl=1 400w, https:\/\/i0.wp.com\/micielo.es\/wp-content\/uploads\/2019\/12\/69247-kirsch-nusskuchen.jpg?resize=200%2C150&amp;ssl=1 200w, https:\/\/i0.wp.com\/micielo.es\/wp-content\/uploads\/2019\/12\/69247-kirsch-nusskuchen.jpg?resize=1980%2C1485&amp;ssl=1 1980w, https:\/\/i0.wp.com\/micielo.es\/wp-content\/uploads\/2019\/12\/69247-kirsch-nusskuchen.jpg?w=1400&amp;ssl=1 1400w, https:\/\/i0.wp.com\/micielo.es\/wp-content\/uploads\/2019\/12\/69247-kirsch-nusskuchen.jpg?w=2100&amp;ssl=1 2100w\" sizes=\"auto, (max-width: 271px) 100vw, 271px\" \/><figcaption id=\"caption-attachment-1218\" class=\"wp-caption-text\"><strong>Tarta de Cerezas y frutos secos, con una tapa de queso fresco, sin gluten \/ <span style=\"color:#800080;\">Cherry nut cake<\/span><\/strong> con glaseado de quark, sin gluten \/&nbsp; <span style=\"color:#800080;\"><strong>22\u20ac<\/strong><\/span><\/figcaption><\/figure>\n<figure id=\"attachment_1221\" aria-describedby=\"caption-attachment-1221\" style=\"width: 286px\" class=\"wp-caption aligncenter\"><img data-recalc-dims=\"1\" loading=\"lazy\" decoding=\"async\" class=\"alignnone wp-image-1221\" src=\"https:\/\/i0.wp.com\/micielo.es\/wp-content\/uploads\/2019\/12\/063a3-topfentorte_1494838842.jpg?resize=286%2C191&#038;ssl=1\" alt=\"topfentorte_1494838842\" width=\"286\" height=\"191\" srcset=\"https:\/\/i0.wp.com\/micielo.es\/wp-content\/uploads\/2019\/12\/063a3-topfentorte_1494838842.jpg?w=620&amp;ssl=1 620w, https:\/\/i0.wp.com\/micielo.es\/wp-content\/uploads\/2019\/12\/063a3-topfentorte_1494838842.jpg?resize=300%2C200&amp;ssl=1 300w\" sizes=\"auto, (max-width: 286px) 100vw, 286px\" \/><figcaption id=\"caption-attachment-1221\" class=\"wp-caption-text\"><span style=\"color:#800080;\"><strong>Tarta<\/strong><\/span> <strong>de queso fresco, una especialidad austriaca<\/strong>&nbsp;&nbsp; <span style=\"color:#800080;\"><strong>24\u20ac<\/strong><\/span><\/figcaption><\/figure>\n<h2><span style=\"color:#993366;\"><em><strong>Limonadas caseras de ingredientes naturales<\/strong><\/em> &#8230;<\/span><\/h2>\n<figure id=\"attachment_870\" aria-describedby=\"caption-attachment-870\" style=\"width: 654px\" class=\"wp-caption alignnone\"><img data-recalc-dims=\"1\" loading=\"lazy\" decoding=\"async\" class=\"alignnone wp-image-870\" src=\"https:\/\/i0.wp.com\/micielo.es\/wp-content\/uploads\/2019\/05\/c2d75-20190322_140521-e1561225183678.jpg?resize=654%2C350&#038;ssl=1\" alt=\"20190322_140521\" width=\"654\" height=\"350\"><figcaption id=\"caption-attachment-870\" class=\"wp-caption-text\"><strong>limonada de lavanda<\/strong>&nbsp; \/ limonada de lavanda<\/figcaption><\/figure>\n<p><em><strong>limonada de lavanda ..<\/strong> . lavanda silvestre de la muela, az\u00facar de ca\u00f1a, limones naturales &#8211; refrescante y revitalizante &#8211; la bebida perfecta para d\u00edas de verano! (solo en temporada de lavanda)<\/em><\/p>\n<p><em><strong>Limonada de Fresa..<\/strong> . fresas de la zona, az\u00facar de ca\u00f1a, limones naturales &#8211; dulce de la fruta y sano &#8211; ni\u00f1as y ni\u00f1os la aman<\/em><em>!<\/em><\/p>\n<p><em><strong>limonada de limon ..<\/strong> . Limones naturales, azucar de ca\u00f1a, agua fresca &#8211; te hace el dia de verano mas fresco y vuelve a despertarte!<\/em><\/p>\n","protected":false},"excerpt":{"rendered":"<p>Nuestras ricas tartas y limonadas&#8230; hecho en casa, de recetas secretos de nuestras bisabuelas austriacas \ud83d\ude42 Tartas de ingredientes naturales y sanas pidenos tu tarta&#8230; de cumplea\u00f1os &#8211; para una fiesta &#8211; para cualquier evento te preparamos una tarta rica y especial. Si lo deseas; sin gluten, sin lacteo, sin az\u00facar, con harina de centeno&#8230; &hellip; <a href=\"https:\/\/micielo.es\/es\/3109-2\/mi-cielo-dulce\/\" class=\"more-link\">Contin\u00faa leyendo <span class=\"screen-reader-text\">mi cielo dulce<\/span><\/a><\/p>\n","protected":false},"author":117018168,"featured_media":2748,"parent":3109,"menu_order":0,"comment_status":"closed","ping_status":"closed","template":"","meta":{"_coblocks_attr":"","_coblocks_dimensions":"","_coblocks_responsive_height":"","_coblocks_accordion_ie_support":"","advanced_seo_description":"","jetpack_seo_html_title":"","jetpack_seo_noindex":false,"jetpack_seo_schema_type":"","_wpcom_ai_launchpad_about_page":false,"_wpcom_ai_launchpad_gallery_page":false,"_wpcom_ai_launchpad_contact_page":false,"_wpcom_ai_launchpad_events_page":false,"_wpcom_ai_launchpad_video_page":false,"_wpcom_ai_launchpad_portfolio_piece":false,"footnotes":""},"class_list":["post-3127","page","type-page","status-publish","has-post-thumbnail","hentry"],"jetpack_likes_enabled":false,"jetpack_sharing_enabled":true,"jetpack_shortlink":"https:\/\/wp.me\/P8oH4K-Or","amp_enabled":true,"_links":{"self":[{"href":"https:\/\/micielo.es\/es\/wp-json\/wp\/v2\/pages\/3127","targetHints":{"allow":["GET"]}}],"collection":[{"href":"https:\/\/micielo.es\/es\/wp-json\/wp\/v2\/pages"}],"about":[{"href":"https:\/\/micielo.es\/es\/wp-json\/wp\/v2\/types\/page"}],"author":[{"embeddable":true,"href":"https:\/\/micielo.es\/es\/wp-json\/wp\/v2\/users\/117018168"}],"replies":[{"embeddable":true,"href":"https:\/\/micielo.es\/es\/wp-json\/wp\/v2\/comments?post=3127"}],"version-history":[{"count":0,"href":"https:\/\/micielo.es\/es\/wp-json\/wp\/v2\/pages\/3127\/revisions"}],"up":[{"embeddable":true,"href":"https:\/\/micielo.es\/es\/wp-json\/wp\/v2\/pages\/3109"}],"wp:featuredmedia":[{"embeddable":true,"href":"https:\/\/micielo.es\/es\/wp-json\/wp\/v2\/media\/2748"}],"wp:attachment":[{"href":"https:\/\/micielo.es\/es\/wp-json\/wp\/v2\/media?parent=3127"}],"curies":[{"name":"wp","href":"https:\/\/api.w.org\/{rel}","templated":true}]}}