{"id":3866,"date":"2017-05-11T11:36:30","date_gmt":"2017-05-11T11:36:30","guid":{"rendered":"https:\/\/micielo.es\/la-meteo\/"},"modified":"2017-05-11T11:36:30","modified_gmt":"2017-05-11T11:36:30","slug":"la-meteo","status":"publish","type":"page","link":"https:\/\/micielo.es\/fr\/4040-2\/la-meteo\/","title":{"rendered":"LA M\u00c9T\u00c9O"},"content":{"rendered":"<p><em><strong>&#8230;Nous<\/strong><\/em><\/p>\n<p>&#8230; ce sont Peter, Andrea, Lilith, Ida, Mattis et Nino. Nous sommes une famille autrichienne qui a d\u00e9m\u00e9nag\u00e9 \u00e0 l&rsquo;automne 2015 pour commencer une nouvelle vie.<\/p>\n<p>Peter et Andrea sont les parents de Lilith et Ida et les grands-parents de Mattis et Nino. Lilith est donc la m\u00e8re de Mattis et Nino.<\/p>\n<p>David, Flora et Oscar sont d&rsquo;autres enfants de Peter et Andrea, qui vivent en Allemagne et en Autriche.<\/p>\n<p>Nous qui avons d\u00e9m\u00e9nag\u00e9 en Andalousie sommes des personnes de trois g\u00e9n\u00e9rations, grands-parents, parents et enfants, une \u00e9quipe authentique dans ce \u00e0 quoi nous aspirons.<\/p>\n<p>Nous sommes venus en Andalousie avec diff\u00e9rentes exp\u00e9riences et connaissances, \u00e0 la fois pratiques et th\u00e9oriques, sachant que nous voulons \u00e9changer des id\u00e9es avec les gens et la terre d&rsquo;ici.<\/p>\n<p><strong>Nous sommes arriv\u00e9s \u00e0 Vejer de la frontera d&rsquo;Autriche le 1er ao\u00fbt 2015<\/strong> avec un sac \u00e0 dos plein de r\u00eaves, un niveau \u00e9lev\u00e9 d&rsquo;\u00e9puisement quotidien, d&rsquo;espoirs et de visions.<\/p>\n<p>Nous sommes venus un an pour rester et avec toute notre force et notre joie pour d\u00e9marrer un projet dont nous sommes fiers chaque jour.<\/p>\n<p>Nous avons beaucoup d&rsquo;humour, d&rsquo;id\u00e9es et d&rsquo;\u00e9nergie. Nous avons eu la chance d&rsquo;avoir trouv\u00e9 un merveilleux morceau de nature, pure et intacte. Un endroit o\u00f9 l&rsquo;on est heureux et o\u00f9 l&rsquo;on veut partager avec les autres.<\/p>\n<p style=\"text-align:center;\"><strong>Nino, 3 ans<\/strong><\/p>\n<p><img data-recalc-dims=\"1\" loading=\"lazy\" decoding=\"async\" class=\" size-full wp-image-178 aligncenter\" src=\"https:\/\/i0.wp.com\/micielo.es\/wp-content\/uploads\/2017\/04\/9258e-nino3.jpg?resize=283%2C328&#038;ssl=1\" alt=\"NIno3\" width=\"283\" height=\"328\" srcset=\"https:\/\/i0.wp.com\/micielo.es\/wp-content\/uploads\/2017\/04\/9258e-nino3.jpg?w=283&amp;ssl=1 283w, https:\/\/i0.wp.com\/micielo.es\/wp-content\/uploads\/2017\/04\/9258e-nino3.jpg?resize=259%2C300&amp;ssl=1 259w\" sizes=\"auto, (max-width: 283px) 100vw, 283px\" \/><\/p>\n<p style=\"text-align:center;\"><strong><em><strong>veut<\/strong> un poney en Espagne<\/em><\/strong><\/p>\n<p style=\"text-align:center;\"><strong>Mattis, 6 ans<\/strong><\/p>\n<p style=\"text-align:center;\"><img data-recalc-dims=\"1\" loading=\"lazy\" decoding=\"async\" class=\"alignnone size-full wp-image-188\" src=\"https:\/\/i0.wp.com\/micielo.es\/wp-content\/uploads\/2017\/04\/43945-mattis2.jpg?resize=236%2C283&#038;ssl=1\" alt=\"Mattis2\" width=\"236\" height=\"283\"><\/p>\n<p style=\"text-align:center;\"><em><strong>Heureux que nous vivions tous si proches les uns des autres<\/strong><\/em><\/p>\n<p style=\"text-align:center;\"><strong>Ida, 9 ans<\/strong><\/p>\n<p style=\"text-align:center;\"><img data-recalc-dims=\"1\" loading=\"lazy\" decoding=\"async\" class=\"alignnone size-full wp-image-190\" src=\"https:\/\/i0.wp.com\/micielo.es\/wp-content\/uploads\/2017\/04\/10842-ida.jpg?resize=283%2C504&#038;ssl=1\" alt=\"Ida\" width=\"283\" height=\"504\" srcset=\"https:\/\/i0.wp.com\/micielo.es\/wp-content\/uploads\/2017\/04\/10842-ida.jpg?w=283&amp;ssl=1 283w, https:\/\/i0.wp.com\/micielo.es\/wp-content\/uploads\/2017\/04\/10842-ida.jpg?resize=168%2C300&amp;ssl=1 168w\" sizes=\"auto, (max-width: 283px) 100vw, 283px\" \/><\/p>\n<p style=\"text-align:center;\"><em><strong>h\u00e2te d&rsquo;apprendre une nouvelle langue<\/strong><\/em><\/p>\n<p style=\"text-align:center;\"><strong>Lilith, 32 ans<\/strong><\/p>\n<p style=\"text-align:center;\"><img data-recalc-dims=\"1\" loading=\"lazy\" decoding=\"async\" class=\"alignnone size-full wp-image-231\" src=\"https:\/\/i0.wp.com\/micielo.es\/wp-content\/uploads\/2017\/04\/b8a0c-e_lilith1.jpg?resize=283%2C374&#038;ssl=1\" alt=\"E_Lilith\" width=\"283\" height=\"374\" srcset=\"https:\/\/i0.wp.com\/micielo.es\/wp-content\/uploads\/2017\/04\/b8a0c-e_lilith1.jpg?w=283&amp;ssl=1 283w, https:\/\/i0.wp.com\/micielo.es\/wp-content\/uploads\/2017\/04\/b8a0c-e_lilith1.jpg?resize=227%2C300&amp;ssl=1 227w\" sizes=\"auto, (max-width: 283px) 100vw, 283px\" \/><\/p>\n<p style=\"text-align:center;\"><strong><i>\u00ab J&rsquo;esp\u00e8re pouvoir r\u00e9aliser un projet qui signifiera non seulement la r\u00e9alisation de plusieurs de nos r\u00eaves, mais qui sera aussi un exemple de projet pour une vision plus optimiste de l&rsquo;avenir. Une possibilit\u00e9 pour des personnes, des g\u00e9n\u00e9rations et des cultures diff\u00e9rentes de vivre et de travailler c\u00f4te \u00e0 c\u00f4te. Pour une utilisation durable, responsable et respectueuse des ressources de notre environnement, de la nature et de ses cr\u00e9atures.<\/i><\/strong><\/p>\n<p style=\"text-align:center;\"><strong>Andr\u00e9a, 52 ans<\/strong><\/p>\n<p style=\"text-align:center;\"><img data-recalc-dims=\"1\" loading=\"lazy\" decoding=\"async\" class=\"alignnone size-full wp-image-180\" src=\"https:\/\/i0.wp.com\/micielo.es\/wp-content\/uploads\/2017\/04\/4b259-e_andrea_web.jpg?resize=425%2C282&#038;ssl=1\" alt=\"E_Andrea_web\" width=\"425\" height=\"282\" srcset=\"https:\/\/i0.wp.com\/micielo.es\/wp-content\/uploads\/2017\/04\/4b259-e_andrea_web.jpg?w=425&amp;ssl=1 425w, https:\/\/i0.wp.com\/micielo.es\/wp-content\/uploads\/2017\/04\/4b259-e_andrea_web.jpg?resize=300%2C199&amp;ssl=1 300w\" sizes=\"auto, (max-width: 425px) 100vw, 425px\" \/><\/p>\n<p style=\"text-align:center;\"><strong><i>\u00ab\u00a0Je souhaite que nous puissions trouver un moyen de combiner travail et vie en un seul endroit, de vivre dans la nature et d&rsquo;avoir suffisamment d&rsquo;espace pour que tous nos enfants, beaux-enfants et petits-enfants nous rendent visite ensemble. Tout ce que nous faisons doit \u00eatre de qualit\u00e9 durable pour les personnes et la nature.<\/i><\/strong><\/p>\n<p style=\"text-align:center;\"><strong>Pierre, 53 ans<\/strong><\/p>\n<p style=\"text-align:center;\"><img data-recalc-dims=\"1\" loading=\"lazy\" decoding=\"async\" class=\"alignnone size-full wp-image-102\" src=\"https:\/\/i0.wp.com\/micielo.es\/wp-content\/uploads\/2017\/03\/25f13-papa_blog_format.jpg?resize=700%2C394&#038;ssl=1\" alt=\"papa_blog_format\" width=\"700\" height=\"394\" srcset=\"https:\/\/i0.wp.com\/micielo.es\/wp-content\/uploads\/2017\/03\/25f13-papa_blog_format.jpg?w=3264&amp;ssl=1 3264w, https:\/\/i0.wp.com\/micielo.es\/wp-content\/uploads\/2017\/03\/25f13-papa_blog_format.jpg?resize=300%2C169&amp;ssl=1 300w, https:\/\/i0.wp.com\/micielo.es\/wp-content\/uploads\/2017\/03\/25f13-papa_blog_format.jpg?resize=1024%2C576&amp;ssl=1 1024w, https:\/\/i0.wp.com\/micielo.es\/wp-content\/uploads\/2017\/03\/25f13-papa_blog_format.jpg?resize=768%2C432&amp;ssl=1 768w, https:\/\/i0.wp.com\/micielo.es\/wp-content\/uploads\/2017\/03\/25f13-papa_blog_format.jpg?resize=1536%2C864&amp;ssl=1 1536w, https:\/\/i0.wp.com\/micielo.es\/wp-content\/uploads\/2017\/03\/25f13-papa_blog_format.jpg?resize=2048%2C1152&amp;ssl=1 2048w, https:\/\/i0.wp.com\/micielo.es\/wp-content\/uploads\/2017\/03\/25f13-papa_blog_format.jpg?resize=1200%2C675&amp;ssl=1 1200w, https:\/\/i0.wp.com\/micielo.es\/wp-content\/uploads\/2017\/03\/25f13-papa_blog_format.jpg?resize=1980%2C1114&amp;ssl=1 1980w, https:\/\/i0.wp.com\/micielo.es\/wp-content\/uploads\/2017\/03\/25f13-papa_blog_format.jpg?w=1400&amp;ssl=1 1400w, https:\/\/i0.wp.com\/micielo.es\/wp-content\/uploads\/2017\/03\/25f13-papa_blog_format.jpg?w=2100&amp;ssl=1 2100w\" sizes=\"auto, (max-width: 700px) 100vw, 700px\" \/><\/p>\n<p style=\"text-align:center;\"><strong><i>\u00ab\u00a0Je r\u00eave d&rsquo;une vie dans laquelle tout est plus direct, plus simple et plus g\u00e9rable, dans laquelle je peux mettre en \u0153uvre les id\u00e9es et les exp\u00e9riences de ma vie jusqu&rsquo;\u00e0 pr\u00e9sent. Trouver un endroit o\u00f9 je peux cr\u00e9er l&rsquo;harmonie dont j&rsquo;ai toujours r\u00eav\u00e9 dans un petit espace et la partager avec les autres.\u00a0\u00bb<\/i><\/strong><\/p>\n","protected":false},"excerpt":{"rendered":"<p>&#8230;Nous &#8230; ce sont Peter, Andrea, Lilith, Ida, Mattis et Nino. Nous sommes une famille autrichienne qui a d\u00e9m\u00e9nag\u00e9 \u00e0 l&rsquo;automne 2015 pour commencer une nouvelle vie. Peter et Andrea sont les parents de Lilith et Ida et les grands-parents de Mattis et Nino. Lilith est donc la m\u00e8re de Mattis et Nino. David, Flora &hellip; <a href=\"https:\/\/micielo.es\/fr\/4040-2\/la-meteo\/\" class=\"more-link\">Continuer la lecture de <span class=\"screen-reader-text\">LA M\u00c9T\u00c9O<\/span><\/a><\/p>\n","protected":false},"author":117018168,"featured_media":3870,"parent":4040,"menu_order":0,"comment_status":"closed","ping_status":"closed","template":"","meta":{"_coblocks_attr":"","_coblocks_dimensions":"","_coblocks_responsive_height":"","_coblocks_accordion_ie_support":"","_crdt_document":"","advanced_seo_description":"","jetpack_seo_html_title":"","jetpack_seo_noindex":false,"footnotes":""},"class_list":["post-3866","page","type-page","status-publish","has-post-thumbnail","hentry"],"jetpack_likes_enabled":false,"jetpack_sharing_enabled":true,"jetpack_shortlink":"https:\/\/wp.me\/P8oH4K-10m","amp_enabled":true,"_links":{"self":[{"href":"https:\/\/micielo.es\/fr\/wp-json\/wp\/v2\/pages\/3866","targetHints":{"allow":["GET"]}}],"collection":[{"href":"https:\/\/micielo.es\/fr\/wp-json\/wp\/v2\/pages"}],"about":[{"href":"https:\/\/micielo.es\/fr\/wp-json\/wp\/v2\/types\/page"}],"author":[{"embeddable":true,"href":"https:\/\/micielo.es\/fr\/wp-json\/wp\/v2\/users\/117018168"}],"replies":[{"embeddable":true,"href":"https:\/\/micielo.es\/fr\/wp-json\/wp\/v2\/comments?post=3866"}],"version-history":[{"count":0,"href":"https:\/\/micielo.es\/fr\/wp-json\/wp\/v2\/pages\/3866\/revisions"}],"up":[{"embeddable":true,"href":"https:\/\/micielo.es\/fr\/wp-json\/wp\/v2\/pages\/4040"}],"wp:featuredmedia":[{"embeddable":true,"href":"https:\/\/micielo.es\/fr\/wp-json\/wp\/v2\/media\/3870"}],"wp:attachment":[{"href":"https:\/\/micielo.es\/fr\/wp-json\/wp\/v2\/media?parent=3866"}],"curies":[{"name":"wp","href":"https:\/\/api.w.org\/{rel}","templated":true}]}}