{"id":3987,"date":"2019-12-11T15:43:10","date_gmt":"2019-12-11T15:43:10","guid":{"rendered":"https:\/\/micielo.es\/vacances-en-famille-a-lavanda-calendula\/"},"modified":"2024-01-18T13:04:15","modified_gmt":"2024-01-18T13:04:15","slug":"vacances-en-famille-a-lavanda-calendula","status":"publish","type":"page","link":"https:\/\/micielo.es\/fr\/vacances-en-famille-a-lavanda-calendula\/","title":{"rendered":"Vacances en famille \u00e0 Lavanda + Calendula"},"content":{"rendered":"\n<p class=\"has-text-color has-background wp-block-paragraph\" style=\"color:#039111;background-color:#e8f9c2;font-size:26px\"><strong><em>Vacances en famille \u00e0 Lavanda + Calendula<\/em><\/strong><\/p>\n\n<p class=\"wp-block-paragraph\"><\/p>\n\n<div class=\"wp-block-media-text alignwide is-stacked-on-mobile\"><figure class=\"wp-block-media-text__media\"><img data-recalc-dims=\"1\" loading=\"lazy\" decoding=\"async\" width=\"700\" height=\"394\" src=\"https:\/\/i0.wp.com\/micielo.es\/wp-content\/uploads\/2022\/01\/20210326_160637.jpg?resize=700%2C394&#038;ssl=1\" alt=\"\" class=\"wp-image-2350 size-full\" srcset=\"https:\/\/i0.wp.com\/micielo.es\/wp-content\/uploads\/2022\/01\/20210326_160637.jpg?resize=1024%2C576&amp;ssl=1 1024w, https:\/\/i0.wp.com\/micielo.es\/wp-content\/uploads\/2022\/01\/20210326_160637.jpg?resize=300%2C169&amp;ssl=1 300w, https:\/\/i0.wp.com\/micielo.es\/wp-content\/uploads\/2022\/01\/20210326_160637.jpg?resize=768%2C432&amp;ssl=1 768w, https:\/\/i0.wp.com\/micielo.es\/wp-content\/uploads\/2022\/01\/20210326_160637.jpg?resize=1536%2C864&amp;ssl=1 1536w, https:\/\/i0.wp.com\/micielo.es\/wp-content\/uploads\/2022\/01\/20210326_160637.jpg?resize=2048%2C1152&amp;ssl=1 2048w, https:\/\/i0.wp.com\/micielo.es\/wp-content\/uploads\/2022\/01\/20210326_160637.jpg?resize=1200%2C675&amp;ssl=1 1200w, https:\/\/i0.wp.com\/micielo.es\/wp-content\/uploads\/2022\/01\/20210326_160637.jpg?resize=772%2C434&amp;ssl=1 772w, https:\/\/i0.wp.com\/micielo.es\/wp-content\/uploads\/2022\/01\/20210326_160637.jpg?resize=1230%2C692&amp;ssl=1 1230w, https:\/\/i0.wp.com\/micielo.es\/wp-content\/uploads\/2022\/01\/20210326_160637.jpg?resize=314%2C177&amp;ssl=1 314w, https:\/\/i0.wp.com\/micielo.es\/wp-content\/uploads\/2022\/01\/20210326_160637.jpg?w=1400&amp;ssl=1 1400w, https:\/\/i0.wp.com\/micielo.es\/wp-content\/uploads\/2022\/01\/20210326_160637.jpg?w=2100&amp;ssl=1 2100w\" sizes=\"auto, (max-width: 700px) 100vw, 700px\" \/><\/figure><div class=\"wp-block-media-text__content\">\n<p class=\"has-normal-font-size wp-block-paragraph\">Vacances \u00e0 <em>miCielo<\/em> en famille, enfants, parents, grands-parents, amis&#8230; <\/p>\n<\/div><\/div>\n\n<p class=\"wp-block-paragraph\"><\/p>\n\n<div class=\"wp-block-media-text alignwide is-stacked-on-mobile\"><figure class=\"wp-block-media-text__media\"><img data-recalc-dims=\"1\" loading=\"lazy\" decoding=\"async\" width=\"700\" height=\"467\" src=\"https:\/\/i0.wp.com\/micielo.es\/wp-content\/uploads\/2022\/01\/DSCF3663.jpg?resize=700%2C467&#038;ssl=1\" alt=\"\" class=\"wp-image-2354 size-full\" srcset=\"https:\/\/i0.wp.com\/micielo.es\/wp-content\/uploads\/2022\/01\/DSCF3663.jpg?resize=1024%2C683&amp;ssl=1 1024w, https:\/\/i0.wp.com\/micielo.es\/wp-content\/uploads\/2022\/01\/DSCF3663.jpg?resize=300%2C200&amp;ssl=1 300w, https:\/\/i0.wp.com\/micielo.es\/wp-content\/uploads\/2022\/01\/DSCF3663.jpg?resize=768%2C512&amp;ssl=1 768w, https:\/\/i0.wp.com\/micielo.es\/wp-content\/uploads\/2022\/01\/DSCF3663.jpg?resize=1536%2C1024&amp;ssl=1 1536w, https:\/\/i0.wp.com\/micielo.es\/wp-content\/uploads\/2022\/01\/DSCF3663.jpg?resize=2048%2C1366&amp;ssl=1 2048w, https:\/\/i0.wp.com\/micielo.es\/wp-content\/uploads\/2022\/01\/DSCF3663.jpg?resize=1200%2C800&amp;ssl=1 1200w, https:\/\/i0.wp.com\/micielo.es\/wp-content\/uploads\/2022\/01\/DSCF3663.jpg?resize=772%2C515&amp;ssl=1 772w, https:\/\/i0.wp.com\/micielo.es\/wp-content\/uploads\/2022\/01\/DSCF3663.jpg?resize=1230%2C820&amp;ssl=1 1230w, https:\/\/i0.wp.com\/micielo.es\/wp-content\/uploads\/2022\/01\/DSCF3663.jpg?resize=288%2C192&amp;ssl=1 288w, https:\/\/i0.wp.com\/micielo.es\/wp-content\/uploads\/2022\/01\/DSCF3663.jpg?w=1400&amp;ssl=1 1400w, https:\/\/i0.wp.com\/micielo.es\/wp-content\/uploads\/2022\/01\/DSCF3663.jpg?w=2100&amp;ssl=1 2100w\" sizes=\"auto, (max-width: 700px) 100vw, 700px\" \/><\/figure><div class=\"wp-block-media-text__content\">\n<p class=\"has-normal-font-size wp-block-paragraph\"><strong>Les deux cabanes dans les arbres Calendula et Lavanda<\/strong> sont parfaites pour des vacances avec suffisamment d&rsquo;espace de retraite pour tout le monde. <\/p>\n<\/div><\/div>\n\n<p class=\"wp-block-paragraph\"><\/p>\n\n<div class=\"wp-block-media-text alignwide is-stacked-on-mobile\"><figure class=\"wp-block-media-text__media\"><img data-recalc-dims=\"1\" loading=\"lazy\" decoding=\"async\" width=\"700\" height=\"467\" src=\"https:\/\/i0.wp.com\/micielo.es\/wp-content\/uploads\/2022\/01\/DSCF4360.jpg?resize=700%2C467&#038;ssl=1\" alt=\"\" class=\"wp-image-2352 size-full\" srcset=\"https:\/\/i0.wp.com\/micielo.es\/wp-content\/uploads\/2022\/01\/DSCF4360.jpg?resize=1024%2C683&amp;ssl=1 1024w, https:\/\/i0.wp.com\/micielo.es\/wp-content\/uploads\/2022\/01\/DSCF4360.jpg?resize=300%2C200&amp;ssl=1 300w, https:\/\/i0.wp.com\/micielo.es\/wp-content\/uploads\/2022\/01\/DSCF4360.jpg?resize=768%2C512&amp;ssl=1 768w, https:\/\/i0.wp.com\/micielo.es\/wp-content\/uploads\/2022\/01\/DSCF4360.jpg?resize=1536%2C1024&amp;ssl=1 1536w, https:\/\/i0.wp.com\/micielo.es\/wp-content\/uploads\/2022\/01\/DSCF4360.jpg?resize=2048%2C1366&amp;ssl=1 2048w, https:\/\/i0.wp.com\/micielo.es\/wp-content\/uploads\/2022\/01\/DSCF4360.jpg?resize=1200%2C800&amp;ssl=1 1200w, https:\/\/i0.wp.com\/micielo.es\/wp-content\/uploads\/2022\/01\/DSCF4360.jpg?resize=772%2C515&amp;ssl=1 772w, https:\/\/i0.wp.com\/micielo.es\/wp-content\/uploads\/2022\/01\/DSCF4360.jpg?resize=1230%2C820&amp;ssl=1 1230w, https:\/\/i0.wp.com\/micielo.es\/wp-content\/uploads\/2022\/01\/DSCF4360.jpg?resize=288%2C192&amp;ssl=1 288w, https:\/\/i0.wp.com\/micielo.es\/wp-content\/uploads\/2022\/01\/DSCF4360.jpg?w=1400&amp;ssl=1 1400w, https:\/\/i0.wp.com\/micielo.es\/wp-content\/uploads\/2022\/01\/DSCF4360.jpg?w=2100&amp;ssl=1 2100w\" sizes=\"auto, (max-width: 700px) 100vw, 700px\" \/><\/figure><div class=\"wp-block-media-text__content\">\n<p class=\"has-normal-font-size wp-block-paragraph\">Les deux cabanes dans les arbres sont reli\u00e9es par un pont suspendu.<\/p>\n<\/div><\/div>\n\n<p class=\"wp-block-paragraph\"><\/p>\n\n<div class=\"wp-block-media-text alignwide is-stacked-on-mobile\"><figure class=\"wp-block-media-text__media\"><img data-recalc-dims=\"1\" loading=\"lazy\" decoding=\"async\" width=\"700\" height=\"467\" src=\"https:\/\/i0.wp.com\/micielo.es\/wp-content\/uploads\/2022\/01\/DSCF3631.jpg?resize=700%2C467&#038;ssl=1\" alt=\"\" class=\"wp-image-2353 size-full\" srcset=\"https:\/\/i0.wp.com\/micielo.es\/wp-content\/uploads\/2022\/01\/DSCF3631.jpg?resize=1024%2C683&amp;ssl=1 1024w, https:\/\/i0.wp.com\/micielo.es\/wp-content\/uploads\/2022\/01\/DSCF3631.jpg?resize=300%2C200&amp;ssl=1 300w, https:\/\/i0.wp.com\/micielo.es\/wp-content\/uploads\/2022\/01\/DSCF3631.jpg?resize=768%2C512&amp;ssl=1 768w, https:\/\/i0.wp.com\/micielo.es\/wp-content\/uploads\/2022\/01\/DSCF3631.jpg?resize=1536%2C1024&amp;ssl=1 1536w, https:\/\/i0.wp.com\/micielo.es\/wp-content\/uploads\/2022\/01\/DSCF3631.jpg?resize=2048%2C1366&amp;ssl=1 2048w, https:\/\/i0.wp.com\/micielo.es\/wp-content\/uploads\/2022\/01\/DSCF3631.jpg?resize=1200%2C800&amp;ssl=1 1200w, https:\/\/i0.wp.com\/micielo.es\/wp-content\/uploads\/2022\/01\/DSCF3631.jpg?resize=772%2C515&amp;ssl=1 772w, https:\/\/i0.wp.com\/micielo.es\/wp-content\/uploads\/2022\/01\/DSCF3631.jpg?resize=1230%2C820&amp;ssl=1 1230w, https:\/\/i0.wp.com\/micielo.es\/wp-content\/uploads\/2022\/01\/DSCF3631.jpg?resize=288%2C192&amp;ssl=1 288w, https:\/\/i0.wp.com\/micielo.es\/wp-content\/uploads\/2022\/01\/DSCF3631.jpg?w=1400&amp;ssl=1 1400w, https:\/\/i0.wp.com\/micielo.es\/wp-content\/uploads\/2022\/01\/DSCF3631.jpg?w=2100&amp;ssl=1 2100w\" sizes=\"auto, (max-width: 700px) 100vw, 700px\" \/><\/figure><div class=\"wp-block-media-text__content\">\n<p class=\"has-normal-font-size wp-block-paragraph\"><strong>Treehouse Lavanda<\/strong> est \u00e9quip\u00e9e de deux lits simples et d&rsquo;un lit suppl\u00e9mentaire en option. <\/p>\n<\/div><\/div>\n\n<p class=\"wp-block-paragraph\"><\/p>\n\n<div class=\"wp-block-media-text alignwide is-stacked-on-mobile\" style=\"grid-template-columns:32% auto\"><figure class=\"wp-block-media-text__media\"><img data-recalc-dims=\"1\" loading=\"lazy\" decoding=\"async\" width=\"683\" height=\"1024\" src=\"https:\/\/i0.wp.com\/micielo.es\/wp-content\/uploads\/2022\/01\/DSCF3869.jpg?resize=683%2C1024&#038;ssl=1\" alt=\"\" class=\"wp-image-2346 size-full\" srcset=\"https:\/\/i0.wp.com\/micielo.es\/wp-content\/uploads\/2022\/01\/DSCF3869.jpg?resize=683%2C1024&amp;ssl=1 683w, https:\/\/i0.wp.com\/micielo.es\/wp-content\/uploads\/2022\/01\/DSCF3869.jpg?resize=200%2C300&amp;ssl=1 200w, https:\/\/i0.wp.com\/micielo.es\/wp-content\/uploads\/2022\/01\/DSCF3869.jpg?resize=768%2C1152&amp;ssl=1 768w, https:\/\/i0.wp.com\/micielo.es\/wp-content\/uploads\/2022\/01\/DSCF3869.jpg?resize=1024%2C1536&amp;ssl=1 1024w, https:\/\/i0.wp.com\/micielo.es\/wp-content\/uploads\/2022\/01\/DSCF3869.jpg?resize=1366%2C2048&amp;ssl=1 1366w, https:\/\/i0.wp.com\/micielo.es\/wp-content\/uploads\/2022\/01\/DSCF3869.jpg?resize=1200%2C1800&amp;ssl=1 1200w, https:\/\/i0.wp.com\/micielo.es\/wp-content\/uploads\/2022\/01\/DSCF3869.jpg?resize=772%2C1158&amp;ssl=1 772w, https:\/\/i0.wp.com\/micielo.es\/wp-content\/uploads\/2022\/01\/DSCF3869.jpg?resize=820%2C1230&amp;ssl=1 820w, https:\/\/i0.wp.com\/micielo.es\/wp-content\/uploads\/2022\/01\/DSCF3869.jpg?resize=128%2C192&amp;ssl=1 128w, https:\/\/i0.wp.com\/micielo.es\/wp-content\/uploads\/2022\/01\/DSCF3869.jpg?w=2100&amp;ssl=1 2100w\" sizes=\"auto, (max-width: 683px) 100vw, 683px\" \/><\/figure><div class=\"wp-block-media-text__content\">\n<p class=\"has-normal-font-size wp-block-paragraph\">Dans la cabane dans les <strong>arbres Calendula,<\/strong> vous avez un lit double ou deux lits simples, ainsi que la possibilit\u00e9 d&rsquo;un lit suppl\u00e9mentaire. <\/p>\n<\/div><\/div>\n\n<p class=\"wp-block-paragraph\"><\/p>\n\n<div class=\"wp-block-media-text alignwide is-stacked-on-mobile\" style=\"grid-template-columns:32% auto\"><figure class=\"wp-block-media-text__media\"><img data-recalc-dims=\"1\" loading=\"lazy\" decoding=\"async\" width=\"683\" height=\"1024\" src=\"https:\/\/i0.wp.com\/micielo.es\/wp-content\/uploads\/2022\/01\/DSCF3775.jpg?resize=683%2C1024&#038;ssl=1\" alt=\"\" class=\"wp-image-2355 size-full\" srcset=\"https:\/\/i0.wp.com\/micielo.es\/wp-content\/uploads\/2022\/01\/DSCF3775.jpg?resize=683%2C1024&amp;ssl=1 683w, https:\/\/i0.wp.com\/micielo.es\/wp-content\/uploads\/2022\/01\/DSCF3775.jpg?resize=200%2C300&amp;ssl=1 200w, https:\/\/i0.wp.com\/micielo.es\/wp-content\/uploads\/2022\/01\/DSCF3775.jpg?resize=768%2C1152&amp;ssl=1 768w, https:\/\/i0.wp.com\/micielo.es\/wp-content\/uploads\/2022\/01\/DSCF3775.jpg?resize=1024%2C1536&amp;ssl=1 1024w, https:\/\/i0.wp.com\/micielo.es\/wp-content\/uploads\/2022\/01\/DSCF3775.jpg?resize=1366%2C2048&amp;ssl=1 1366w, https:\/\/i0.wp.com\/micielo.es\/wp-content\/uploads\/2022\/01\/DSCF3775.jpg?resize=1200%2C1800&amp;ssl=1 1200w, https:\/\/i0.wp.com\/micielo.es\/wp-content\/uploads\/2022\/01\/DSCF3775.jpg?resize=772%2C1158&amp;ssl=1 772w, https:\/\/i0.wp.com\/micielo.es\/wp-content\/uploads\/2022\/01\/DSCF3775.jpg?resize=820%2C1230&amp;ssl=1 820w, https:\/\/i0.wp.com\/micielo.es\/wp-content\/uploads\/2022\/01\/DSCF3775.jpg?resize=128%2C192&amp;ssl=1 128w, https:\/\/i0.wp.com\/micielo.es\/wp-content\/uploads\/2022\/01\/DSCF3775.jpg?w=2100&amp;ssl=1 2100w\" sizes=\"auto, (max-width: 683px) 100vw, 683px\" \/><\/figure><div class=\"wp-block-media-text__content\">\n<p class=\"wp-block-paragraph\">Les deux cabanes dans les arbres peuvent accueillir jusqu&rsquo;\u00e0 6 personnes. En plus des lits r\u00e9guliers dans chaque cabane dans les arbres, il y a la possibilit\u00e9 d&rsquo;un lit suppl\u00e9mentaire. <\/p>\n\n\n\n<p class=\"wp-block-paragraph\">Les petits enfants dans le lit de leurs parents peuvent s\u00e9journer gratuitement.<\/p>\n<\/div><\/div>\n\n<p class=\"wp-block-paragraph\"><\/p>\n\n<p class=\"has-background wp-block-paragraph\" style=\"background-color:#e8f9c2\"><strong><em>Les installations en un coup d&rsquo;\u0153il :<\/em><\/strong><\/p>\n\n<div class=\"wp-block-group has-background\" style=\"background-color:#e8f9c2\"><div class=\"wp-block-group__inner-container is-layout-flow wp-block-group-is-layout-flow\">\n<p class=\"has-text-color wp-block-paragraph\" style=\"color:#039111\">&#8230; <strong><em>parfait pour les familles et les amis<\/em><\/strong><\/p>\n\n\n\n<div class=\"wp-block-columns is-layout-flex wp-container-core-columns-is-layout-8f761849 wp-block-columns-is-layout-flex\">\n<div class=\"wp-block-column is-vertically-aligned-top is-layout-flow wp-block-column-is-layout-flow\" style=\"flex-basis:100%\">\n<div class=\"wp-block-media-text alignwide is-stacked-on-mobile is-vertically-aligned-center is-style-default\" style=\"grid-template-columns:41% auto\"><figure class=\"wp-block-media-text__media\"><img data-recalc-dims=\"1\" loading=\"lazy\" decoding=\"async\" width=\"700\" height=\"467\" src=\"https:\/\/i0.wp.com\/micielo.es\/wp-content\/uploads\/2022\/01\/DSCF3942.jpg?resize=700%2C467&#038;ssl=1\" alt=\"\" class=\"wp-image-2318 size-full\" srcset=\"https:\/\/i0.wp.com\/micielo.es\/wp-content\/uploads\/2022\/01\/DSCF3942.jpg?resize=1024%2C683&amp;ssl=1 1024w, https:\/\/i0.wp.com\/micielo.es\/wp-content\/uploads\/2022\/01\/DSCF3942.jpg?resize=300%2C200&amp;ssl=1 300w, https:\/\/i0.wp.com\/micielo.es\/wp-content\/uploads\/2022\/01\/DSCF3942.jpg?resize=768%2C512&amp;ssl=1 768w, https:\/\/i0.wp.com\/micielo.es\/wp-content\/uploads\/2022\/01\/DSCF3942.jpg?resize=1536%2C1024&amp;ssl=1 1536w, https:\/\/i0.wp.com\/micielo.es\/wp-content\/uploads\/2022\/01\/DSCF3942.jpg?resize=2048%2C1366&amp;ssl=1 2048w, https:\/\/i0.wp.com\/micielo.es\/wp-content\/uploads\/2022\/01\/DSCF3942.jpg?resize=1200%2C800&amp;ssl=1 1200w, https:\/\/i0.wp.com\/micielo.es\/wp-content\/uploads\/2022\/01\/DSCF3942.jpg?resize=772%2C515&amp;ssl=1 772w, https:\/\/i0.wp.com\/micielo.es\/wp-content\/uploads\/2022\/01\/DSCF3942.jpg?resize=1230%2C820&amp;ssl=1 1230w, https:\/\/i0.wp.com\/micielo.es\/wp-content\/uploads\/2022\/01\/DSCF3942.jpg?resize=288%2C192&amp;ssl=1 288w, https:\/\/i0.wp.com\/micielo.es\/wp-content\/uploads\/2022\/01\/DSCF3942.jpg?w=1400&amp;ssl=1 1400w, https:\/\/i0.wp.com\/micielo.es\/wp-content\/uploads\/2022\/01\/DSCF3942.jpg?w=2100&amp;ssl=1 2100w\" sizes=\"auto, (max-width: 700px) 100vw, 700px\" \/><\/figure><div class=\"wp-block-media-text__content\">\n<ul style=\"color:#039111;font-size:15px\" class=\"has-text-color wp-block-list\">\n<li>1 lit double, 2 lits simples + 2 lits suppl\u00e9mentaires en option -&gt; max. 6 personnes<\/li>\n\n\n\n<li>Douche et toilettes dans la cabane dans les arbres Calendula<\/li>\n\n\n\n<li>Douche et WC communs dans la maison de bain (70 m\u00e8tres)<\/li>\n\n\n\n<li>2 terrasses<\/li>\n\n\n\n<li>2 entr\u00e9es s\u00e9par\u00e9es<\/li>\n\n\n\n<li>Echelle suspendue<\/li>\n<\/ul>\n<\/div><\/div>\n<\/div>\n<\/div>\n\n\n\n<p class=\"wp-block-paragraph\" style=\"font-size:17px\"><strong><em>Nous sommes \u00e0 votre disposition pour les demandes de renseignements et les r\u00e9servations directes ! Contactez nous s&rsquo;il vous plait.<\/em><\/strong><\/p>\n\n\n\n<p class=\"has-text-color wp-block-paragraph\" style=\"color:#039111\"><strong><span style=\"text-decoration: underline;\"><a href=\"https:\/\/micielo.es\/fr\/4040-2\/contact\/\">Contact<\/a><\/span><\/strong><\/p>\n\n\n\n<p class=\"wp-block-paragraph\"><em><strong>R\u00e9servation minimale<\/strong><\/em> :<\/p>\n\n\n\n<ul class=\"wp-block-list\" style=\"font-size:15px\">\n<li><strong>Haute saison<\/strong> : ( <em>juillet\/ao\u00fbt) <strong>1 semaine<\/strong><\/em><\/li>\n\n\n\n<li><strong>Basse saison<\/strong> : ( <em>Mai\/Juin\/Sept\/Oct\/Nov), <strong>2 nuits<\/strong><\/em><\/li>\n\n\n\n<li><em>Semana Santa : 3 nuits<\/em><\/li>\n<\/ul>\n\n\n\n<p class=\"has-text-color has-background wp-block-paragraph\" style=\"color:#e8f9c2;background-color:#039111\"><strong><a href=\"https:\/\/micielo.es\/fr\/4040-2\/contact\/\"><em>R\u00c9SERVER<\/em> DES VACANCES EN FAMILLE <em>&#8211; CONTACT<\/em><\/a><\/strong><\/p>\n<\/div><\/div>\n\n<p class=\"has-background wp-block-paragraph\" style=\"background-color:#e8f9c2\"><strong><em>Service \u00e0 miCielo\u00a0:<\/em><\/strong><\/p>\n\n<ul class=\"wp-block-list\">\n<li>M\u00e9nage quotidien des chambres sur demande<\/li>\n\n\n\n<li>changement des serviettes et du linge de lit uniquement \u00e0 la demande de nos clients pour \u00e9conomiser les ressources<\/li>\n\n\n\n<li>Nous fournissons des articles cosm\u00e9tiques \u00e9cologiques car nous vivons avec le cycle de la nature<\/li>\n\n\n\n<li>terrasse priv\u00e9e; Retraite pour se d\u00e9tendre et se ressourcer<\/li>\n\n\n\n<li>lit suppl\u00e9mentaire en option(frais suppl\u00e9mentaires)<\/li>\n\n\n\n<li>Jeux et livres adapt\u00e9s \u00e0 l&rsquo;\u00e2ge dans la chambre<\/li>\n\n\n\n<li>en option : petit-d\u00e9jeuner et\/ou d\u00eener\/demi-pension (petit-d\u00e9jeuner et d\u00eener)<\/li>\n\n\n\n<li>Conseils pour la recherche d&rsquo;excursions et conseils personnels des h\u00f4tes<\/li>\n\n\n\n<li>piscine d&rsquo;eau sal\u00e9e<\/li>\n\n\n\n<li>Table de ping-pong, slakline, trampoline<\/li>\n\n\n\n<li>Caf\u00e9t\u00e9ria avec snacks et boissons faits maison<\/li>\n\n\n\n<li>magnifique jardin pour s&rsquo;attarder<\/li>\n\n\n\n<li>parking invit\u00e9<\/li>\n<\/ul>\n\n<p class=\"has-background wp-block-paragraph\" style=\"background-color:#e8f9c2\"><strong><em>Ce que miCielo propose \u00e9galement pour les vacances en famille : <\/em><\/strong><\/p>\n\n<p class=\"wp-block-paragraph\"><\/p>\n\n<div class=\"wp-block-media-text alignwide is-stacked-on-mobile\"><figure class=\"wp-block-media-text__media\"><img data-recalc-dims=\"1\" loading=\"lazy\" decoding=\"async\" width=\"567\" height=\"319\" src=\"https:\/\/i0.wp.com\/micielo.es\/wp-content\/uploads\/2019\/10\/22073-pool_1.jpg?resize=567%2C319&#038;ssl=1\" alt=\"\" class=\"wp-image-1045 size-full\" srcset=\"https:\/\/i0.wp.com\/micielo.es\/wp-content\/uploads\/2019\/10\/22073-pool_1.jpg?w=567&amp;ssl=1 567w, https:\/\/i0.wp.com\/micielo.es\/wp-content\/uploads\/2019\/10\/22073-pool_1.jpg?resize=300%2C169&amp;ssl=1 300w\" sizes=\"auto, (max-width: 567px) 100vw, 567px\" \/><\/figure><div class=\"wp-block-media-text__content\">\n<p class=\"wp-block-paragraph\">\u00c9vadez-vous et amusez-vous dans la piscine d&rsquo;eau sal\u00e9e apaisante&#8230;<\/p>\n<\/div><\/div>\n\n<p class=\"wp-block-paragraph\"><\/p>\n\n<div class=\"wp-block-media-text alignwide is-stacked-on-mobile\"><figure class=\"wp-block-media-text__media\"><img data-recalc-dims=\"1\" decoding=\"async\" src=\"https:\/\/i0.wp.com\/micielo.es\/wp-content\/uploads\/2019\/10\/789f6-spielen-und-geniessen-1.jpg?w=700&#038;ssl=1\" alt=\"\" class=\"wp-image-1053 size-full\"\/><\/figure><div class=\"wp-block-media-text__content\">\n<p class=\"has-normal-font-size wp-block-paragraph\">&#8230; beaucoup de nature \u00e0 d\u00e9couvrir, vivre et jouer&#8230;<\/p>\n<\/div><\/div>\n\n<p class=\"wp-block-paragraph\"><\/p>\n\n<div class=\"wp-block-media-text alignwide is-stacked-on-mobile\"><figure class=\"wp-block-media-text__media\"><img data-recalc-dims=\"1\" decoding=\"async\" src=\"https:\/\/i0.wp.com\/micielo.es\/wp-content\/uploads\/2019\/10\/99312-abendessen-1.jpg?w=700&#038;ssl=1\" alt=\"\" class=\"wp-image-1048 size-full\"\/><\/figure><div class=\"wp-block-media-text__content\">\n<p class=\"has-normal-font-size wp-block-paragraph\">&#8230;d\u00eener ensemble \u00e0 la grande table familiale au milieu du jardin&#8230;<\/p>\n<\/div><\/div>\n\n<p class=\"wp-block-paragraph\"><\/p>\n\n<div class=\"wp-block-media-text alignwide is-stacked-on-mobile\"><figure class=\"wp-block-media-text__media\"><img data-recalc-dims=\"1\" loading=\"lazy\" decoding=\"async\" width=\"700\" height=\"525\" src=\"https:\/\/i0.wp.com\/micielo.es\/wp-content\/uploads\/2019\/12\/85b39-tischtennis-ii.jpg?resize=700%2C525&#038;ssl=1\" alt=\"\" class=\"wp-image-1315 size-full\" srcset=\"https:\/\/i0.wp.com\/micielo.es\/wp-content\/uploads\/2019\/12\/85b39-tischtennis-ii.jpg?w=4160&amp;ssl=1 4160w, https:\/\/i0.wp.com\/micielo.es\/wp-content\/uploads\/2019\/12\/85b39-tischtennis-ii.jpg?resize=300%2C225&amp;ssl=1 300w, https:\/\/i0.wp.com\/micielo.es\/wp-content\/uploads\/2019\/12\/85b39-tischtennis-ii.jpg?resize=1024%2C768&amp;ssl=1 1024w, https:\/\/i0.wp.com\/micielo.es\/wp-content\/uploads\/2019\/12\/85b39-tischtennis-ii.jpg?resize=768%2C576&amp;ssl=1 768w, https:\/\/i0.wp.com\/micielo.es\/wp-content\/uploads\/2019\/12\/85b39-tischtennis-ii.jpg?resize=1536%2C1152&amp;ssl=1 1536w, https:\/\/i0.wp.com\/micielo.es\/wp-content\/uploads\/2019\/12\/85b39-tischtennis-ii.jpg?resize=2048%2C1536&amp;ssl=1 2048w, https:\/\/i0.wp.com\/micielo.es\/wp-content\/uploads\/2019\/12\/85b39-tischtennis-ii.jpg?resize=1200%2C900&amp;ssl=1 1200w, https:\/\/i0.wp.com\/micielo.es\/wp-content\/uploads\/2019\/12\/85b39-tischtennis-ii.jpg?resize=800%2C600&amp;ssl=1 800w, https:\/\/i0.wp.com\/micielo.es\/wp-content\/uploads\/2019\/12\/85b39-tischtennis-ii.jpg?resize=400%2C300&amp;ssl=1 400w, https:\/\/i0.wp.com\/micielo.es\/wp-content\/uploads\/2019\/12\/85b39-tischtennis-ii.jpg?resize=200%2C150&amp;ssl=1 200w, https:\/\/i0.wp.com\/micielo.es\/wp-content\/uploads\/2019\/12\/85b39-tischtennis-ii.jpg?resize=1980%2C1485&amp;ssl=1 1980w, https:\/\/i0.wp.com\/micielo.es\/wp-content\/uploads\/2019\/12\/85b39-tischtennis-ii.jpg?w=1400&amp;ssl=1 1400w, https:\/\/i0.wp.com\/micielo.es\/wp-content\/uploads\/2019\/12\/85b39-tischtennis-ii.jpg?w=2100&amp;ssl=1 2100w\" sizes=\"auto, (max-width: 700px) 100vw, 700px\" \/><\/figure><div class=\"wp-block-media-text__content\">\n<p class=\"has-normal-font-size wp-block-paragraph\">Tennis de table, trampoline, slackline et beaucoup d&rsquo;espace pour jouer au chat, au football, \u00e0 cache-cache et bien plus encore&#8230;<\/p>\n<\/div><\/div>\n\n<p class=\"has-text-color wp-block-paragraph\" style=\"color:#039111\"><strong><a href=\"https:\/\/micielo.es\/fr\/vacances-a-la-cime-des-arbres\/\">retour<\/a><\/strong><\/p>\n","protected":false},"excerpt":{"rendered":"<p>Vacances en famille \u00e0 Lavanda + Calendula Vacances \u00e0 miCielo en famille, enfants, parents, grands-parents, amis&#8230; Les deux cabanes dans les arbres Calendula et Lavanda sont parfaites pour des vacances avec suffisamment d&rsquo;espace de retraite pour tout le monde. Les deux cabanes dans les arbres sont reli\u00e9es par un pont suspendu. Treehouse Lavanda est \u00e9quip\u00e9e &hellip; <a href=\"https:\/\/micielo.es\/fr\/vacances-en-famille-a-lavanda-calendula\/\" class=\"more-link\">Continuer la lecture de <span class=\"screen-reader-text\">Vacances en famille \u00e0 Lavanda + Calendula<\/span><\/a><\/p>\n","protected":false},"author":117018168,"featured_media":3991,"parent":0,"menu_order":0,"comment_status":"closed","ping_status":"closed","template":"","meta":{"_coblocks_attr":"","_coblocks_dimensions":"","_coblocks_responsive_height":"","_coblocks_accordion_ie_support":"","_crdt_document":"","advanced_seo_description":"","jetpack_seo_html_title":"","jetpack_seo_noindex":false,"footnotes":""},"class_list":["post-3987","page","type-page","status-publish","has-post-thumbnail","hentry"],"jetpack_likes_enabled":false,"jetpack_sharing_enabled":true,"jetpack_shortlink":"https:\/\/wp.me\/P8oH4K-12j","amp_enabled":true,"_links":{"self":[{"href":"https:\/\/micielo.es\/fr\/wp-json\/wp\/v2\/pages\/3987","targetHints":{"allow":["GET"]}}],"collection":[{"href":"https:\/\/micielo.es\/fr\/wp-json\/wp\/v2\/pages"}],"about":[{"href":"https:\/\/micielo.es\/fr\/wp-json\/wp\/v2\/types\/page"}],"author":[{"embeddable":true,"href":"https:\/\/micielo.es\/fr\/wp-json\/wp\/v2\/users\/117018168"}],"replies":[{"embeddable":true,"href":"https:\/\/micielo.es\/fr\/wp-json\/wp\/v2\/comments?post=3987"}],"version-history":[{"count":8,"href":"https:\/\/micielo.es\/fr\/wp-json\/wp\/v2\/pages\/3987\/revisions"}],"predecessor-version":[{"id":7116,"href":"https:\/\/micielo.es\/fr\/wp-json\/wp\/v2\/pages\/3987\/revisions\/7116"}],"wp:featuredmedia":[{"embeddable":true,"href":"https:\/\/micielo.es\/fr\/wp-json\/wp\/v2\/media\/3991"}],"wp:attachment":[{"href":"https:\/\/micielo.es\/fr\/wp-json\/wp\/v2\/media?parent=3987"}],"curies":[{"name":"wp","href":"https:\/\/api.w.org\/{rel}","templated":true}]}}